{"id":95,"date":"2008-12-19T18:15:47","date_gmt":"2008-12-20T00:15:47","guid":{"rendered":"http:\/\/s122426555.onlinehome.us\/catumo\/?page_id=95"},"modified":"2016-03-22T13:27:23","modified_gmt":"2016-03-22T19:27:23","slug":"noticias","status":"publish","type":"page","link":"http:\/\/montezumainfo.net\/es\/noticias\/","title":{"rendered":"Noticias"},"content":{"rendered":"<p id=\"top\" \/><div class='pfpItem entry-content'><h2 class='entry-title'><a href='http:\/\/montezumainfo.net\/es\/situacion-del-dengue-en-el-distrito-de-cobano\/'>Situaci\u00f3n del dengue en el Distrito de C\u00f3bano<\/a><\/h2><div class='entry-meta'>Posted on septiembre 2, 2013 by catumo<\/div><p id=\"top\" \/><img loading=\"lazy\" decoding=\"async\" class=\"wp-image-1555 alignright\" alt=\"Incidencia de casos de dengue en C\u00f3bano\" src=\"http:\/\/montezumainfo.net\/wp-content\/uploads\/2013\/09\/incidencia-casos-dengue-cobano.jpg\" width=\"264\" height=\"371\" srcset=\"http:\/\/montezumainfo.net\/wp-content\/uploads\/2013\/09\/incidencia-casos-dengue-cobano.jpg 674w, http:\/\/montezumainfo.net\/wp-content\/uploads\/2013\/09\/incidencia-casos-dengue-cobano-213x300.jpg 213w\" sizes=\"auto, (max-width: 264px) 100vw, 264px\" \/>Actualmente el pa\u00eds enfrenta un aumento significativo del n\u00famero de casos de dengue. Hasta la semana 32 (10 de agosto) se diagnosticaron 26.704 casos en todo el pa\u00eds, con lo que se iguala el total de casos presentados en todo el a\u00f1o 2012.<\/p>\n<p>En lo que va del presente a\u00f1o se han reportado 5 casos de muerte, en Costa Rica, tres de las cuales se han presentado en nuestra Regi\u00f3n Pac\u00edfico Central (Herradura, Orotina y Chomes)<\/p>\n<p>En el distrito de C\u00f3bano, hasta la semana 33 (17 de Agosto) se han diagnosticado 277 casos, lo que representa una incidencia de 36.96 casos por cada 1000 habitantes. De esos 277 casos, 99 se han presentado en las \u00faltimas 4 semanas (del 21 de julio al 17 de agosto). Las comunidades m\u00e1s afectadas son: Santa Teresa (27 casos), Los Mangos (22 casos), C\u00f3bano Centro (10 casos), Mal Pa\u00eds (7 casos), San Isidro (7 casos) Las Parcelas 6 casos) Bello Horizonte (5 casos) La Tranquilidad (4 casos) Otros 11 casos).<\/p>\n<p>Como se muestra en el siguiente gr\u00e1fico, de acuerdo a la experiencia de a\u00f1os anteriores en la Pen\u00ednsula, el n\u00famero de casos por semana ha aumentado a partir de la semana 21 (mediados de mayo) con la llegada de la \u00e9poca lluviosa.<\/p>\n<p style=\"text-align: center;\"><a href=\"http:\/\/montezumainfo.net\/wp-content\/uploads\/2013\/09\/corredor-endemico-dengue.jpg\"><img loading=\"lazy\" decoding=\"async\" class=\"alignnone  wp-image-1557 aligncenter\" alt=\"Corredor end\u00e9mico dengue\" src=\"http:\/\/montezumainfo.net\/wp-content\/uploads\/2013\/09\/corredor-endemico-dengue.jpg\" width=\"496\" height=\"311\" srcset=\"http:\/\/montezumainfo.net\/wp-content\/uploads\/2013\/09\/corredor-endemico-dengue.jpg 886w, http:\/\/montezumainfo.net\/wp-content\/uploads\/2013\/09\/corredor-endemico-dengue-300x188.jpg 300w\" sizes=\"auto, (max-width: 496px) 100vw, 496px\" \/><\/a><\/p>\n<p>En cuanto al sexo, hay una distribuci\u00f3n similar en hombres y mujeres. Los grupos de edad m\u00e1s afectados est\u00e1n entre los 20 y 40 a\u00f1os de edad, es decir, afecta m\u00e1s a la poblaci\u00f3n econ\u00f3micamente activa.<\/p>\n<p style=\"text-align: center;\"><a href=\"http:\/\/montezumainfo.net\/wp-content\/uploads\/2013\/09\/distribucion-casos-cobano.jpg\"><img loading=\"lazy\" decoding=\"async\" class=\"alignnone  wp-image-1558 aligncenter\" alt=\"Distribuci\u00f3n de casos de dengue en C\u00f3bano\" src=\"http:\/\/montezumainfo.net\/wp-content\/uploads\/2013\/09\/distribucion-casos-cobano.jpg\" width=\"343\" height=\"344\" srcset=\"http:\/\/montezumainfo.net\/wp-content\/uploads\/2013\/09\/distribucion-casos-cobano.jpg 894w, http:\/\/montezumainfo.net\/wp-content\/uploads\/2013\/09\/distribucion-casos-cobano-150x150.jpg 150w, http:\/\/montezumainfo.net\/wp-content\/uploads\/2013\/09\/distribucion-casos-cobano-300x300.jpg 300w\" sizes=\"auto, (max-width: 343px) 100vw, 343px\" \/><\/a><\/p>\n<p><a href=\"http:\/\/montezumainfo.net\/wp-content\/uploads\/2013\/09\/BoletinCobano.pdf\" target=\"_blank\"><img loading=\"lazy\" decoding=\"async\" class=\"alignleft size-full wp-image-645\" style=\"margin-right: 12px;\" alt=\"pdf_icon\" src=\"http:\/\/montezumainfo.net\/wp-content\/uploads\/2009\/02\/pdf_icon.gif\" width=\"64\" height=\"64\" \/><\/a><a href=\"http:\/\/montezumainfo.net\/wp-content\/uploads\/2013\/09\/BoletinCobano.pdf\" target=\"_blank\">Haga click aqu\u00ed para descargar<br \/>el reporte en formato de PDF:<br \/>Bolet\u00edn C\u00f3bano Dengue 2013<\/a><\/p>\n<div class='clear'><\/div><hr><\/div><div class='pfpItem entry-content'><h2 class='entry-title'><a href='http:\/\/montezumainfo.net\/es\/los-invitamos-a-la-inauguracion-del-sendero-el-sueno-verde\/'>Los invitamos a la inauguraci\u00f3n del Sendero&nbsp;El&nbsp;Sue\u00f1o&nbsp;Verde<\/a><\/h2><div class='entry-meta'>Posted on septiembre 2, 2013 by catumo<\/div><p id=\"top\" \/>Haga clic para descargar invitaci\u00f3n en formato de PDF:\u00a0<a href=\"http:\/\/montezumainfo.net\/wp-content\/uploads\/2013\/09\/Inauguraci\u00f3n-r\u00f3tulos-del-Sendero-Verde.pdf\">Inauguraci\u00f3n r\u00f3tulos del Sendero Verde<\/a><\/p>\n<p><a href=\"http:\/\/montezumainfo.net\/wp-content\/uploads\/2013\/09\/Inauguracion-rotulos-del-Sendero-Verde.jpg\"><img loading=\"lazy\" decoding=\"async\" class=\"alignnone  wp-image-1549 aligncenter\" alt=\"Invitaci\u00f3n a Inauguraci\u00f3n del Sendero El Sue\u00f1o Verde\" src=\"http:\/\/montezumainfo.net\/wp-content\/uploads\/2013\/09\/Inauguracion-rotulos-del-Sendero-Verde-1024x768.jpg\" width=\"614\" height=\"461\" srcset=\"http:\/\/montezumainfo.net\/wp-content\/uploads\/2013\/09\/Inauguracion-rotulos-del-Sendero-Verde-1024x768.jpg 1024w, http:\/\/montezumainfo.net\/wp-content\/uploads\/2013\/09\/Inauguracion-rotulos-del-Sendero-Verde-300x225.jpg 300w, http:\/\/montezumainfo.net\/wp-content\/uploads\/2013\/09\/Inauguracion-rotulos-del-Sendero-Verde.jpg 1200w\" sizes=\"auto, (max-width: 614px) 100vw, 614px\" \/><\/a><\/p>\n<div class='clear'><\/div><hr><\/div><div class='pfpItem entry-content'><h2 class='entry-title'><a href='http:\/\/montezumainfo.net\/es\/celebre-los-50-anos-de-la-reserva-cabo-blanco\/'>Celebre los 50 a\u00f1os de la Reserva Cabo Blanco<\/a><\/h2><div class='entry-meta'>Posted on agosto 22, 2013 by catumo<\/div><p id=\"top\" \/>Haga click en las im\u00e1genes para ver la invitaci\u00f3n y agenda ampliadas.<\/p>\n<p><a href=\"http:\/\/montezumainfo.net\/wp-content\/uploads\/2013\/08\/INVITACION-DIA-DE-PARQUES.jpg\"><img loading=\"lazy\" decoding=\"async\" class=\"alignnone  wp-image-1537\" title=\"INVITACION DIA DE PARQUES\" alt=\"INVITACION DIA DE PARQUES\" src=\"http:\/\/montezumainfo.net\/wp-content\/uploads\/2013\/08\/INVITACION-DIA-DE-PARQUES-1024x443.jpg\" width=\"717\" height=\"310\" srcset=\"http:\/\/montezumainfo.net\/wp-content\/uploads\/2013\/08\/INVITACION-DIA-DE-PARQUES-1024x443.jpg 1024w, http:\/\/montezumainfo.net\/wp-content\/uploads\/2013\/08\/INVITACION-DIA-DE-PARQUES-300x129.jpg 300w, http:\/\/montezumainfo.net\/wp-content\/uploads\/2013\/08\/INVITACION-DIA-DE-PARQUES.jpg 1932w\" sizes=\"auto, (max-width: 717px) 100vw, 717px\" \/><\/a><\/p>\n<p><a href=\"http:\/\/montezumainfo.net\/wp-content\/uploads\/2013\/08\/agenda_web_diaparquesnacionales.jpg\"><img loading=\"lazy\" decoding=\"async\" class=\"alignnone  wp-image-1536\" title=\"Agenda Dia de Parques Nacionales\" alt=\"Agenda Dia de Parques Nacionales\" src=\"http:\/\/montezumainfo.net\/wp-content\/uploads\/2013\/08\/agenda_web_diaparquesnacionales-1024x640.jpg\" width=\"717\" height=\"448\" srcset=\"http:\/\/montezumainfo.net\/wp-content\/uploads\/2013\/08\/agenda_web_diaparquesnacionales-1024x640.jpg 1024w, http:\/\/montezumainfo.net\/wp-content\/uploads\/2013\/08\/agenda_web_diaparquesnacionales-300x187.jpg 300w, http:\/\/montezumainfo.net\/wp-content\/uploads\/2013\/08\/agenda_web_diaparquesnacionales.jpg 1662w\" sizes=\"auto, (max-width: 717px) 100vw, 717px\" \/><\/a><\/p>\n<div class='clear'><\/div><hr><\/div><div class='pfpItem entry-content'><h2 class='entry-title'><a href='http:\/\/montezumainfo.net\/es\/reporte-del-taller-sobre-prevencion-del-virus-del-dengue\/'>Reporte del Taller Sobre Prevenci\u00f3n del Virus del Dengue<\/a><\/h2><div class='entry-meta'>Posted on julio 18, 2013 by catumo<\/div><p id=\"top\" \/>Estimados afiliados a Catumo y dem\u00e1s miembros de la Comunidad de Montezuma,<\/p>\n<p>Antes que nada quisiera agradecer a los siguientes establecimientos comerciales y entidades gubernamentales, por haber demostrado realmente inter\u00e9s en combatir el peligroso virus del dengue y haber participado en el Taller sobre Prevenci\u00f3n y Tratamiento del Virus del Dengue que el Ministerio de Salud imparti\u00f3 en la comunidad en un esfuerzo conjunto con el Concejo Municipal y esta Asociaci\u00f3n. Gracias entonces a:<\/p>\n<ul>\n<li>Bar y Restaurante Moctezuma<\/li>\n<li>Soda Las Delicias<\/li>\n<li>Restaurante La playa de los artistas<\/li>\n<li>Restaurante y Caf\u00e9 Org\u00e1nico<\/li>\n<li>Hotel y Restaurante El Sano Banano<\/li>\n<li>Ylang ylang beach resort &amp; spa<\/li>\n<li>Casitas Sollevante<\/li>\n<li>Hotel Amor de Mar<\/li>\n<li>Hotel Casacolores<\/li>\n<li>Hotel Aurora<\/li>\n<li>Hotel Moctezuma<\/li>\n<li>Hotel El Jard\u00edn<\/li>\n<li>Hotel Capit\u00e1n<\/li>\n<li>Librer\u00eda Topsy<\/li>\n<li>Cocozuma Tours<\/li>\n<li>Tropisphere Real State<\/li>\n<li>Concejo Municipal de Distrito de C\u00f3bano<\/li>\n<li>Ministerio de Salud<\/li>\n<\/ul>\n<p>Es una verdadera l\u00e1stima que la asistencia no haya sido mayor y se haya desaprovechado todo el esfuerzo y trabajo que significa planificar y llevar a cabo una actividad como esta.<\/p>\n<p>Hay algunas cosas de las que se nos inform\u00f3 en el Taller y que sorprendieron a todos los asistentes como es el hecho de que ahora los mosquitos transmisores del dengue (aedes aegypti) no necesitan picar a una persona enferma para ser portadores pues ahora, nacen<b>\u00a0ya infectados,\u00a0<\/b>adem\u00e1s ya no s\u00f3lo se reproducen en aguas limpias pues ahora,\u00a0<b>se reproducen hasta en los tanques s\u00e9pticos,\u00a0<\/b>por lo que es indispensable que\u00a0<b>todos los respiraderos de los tanques s\u00e9pticos sean tapados con un pedazo de cedazo y una liga o con una media.<\/b><\/p>\n<p>El virus del dengue es una enfermedad grave con la que hay que tener mucho cuidado y respeto, pues cada vez los s\u00edntomas son m\u00e1s graves, ya hay 4 casos de muerte en la regi\u00f3n pacifico central, todos las cl\u00ednicas y hospitales de la regi\u00f3n est\u00e1n colapsados, hay un incremento de un 300% del n\u00famero de casos en comparaci\u00f3n al a\u00f1o pasado. Tenemos m\u00e1s de 200 casos en Santa Teresa y hace una semana cuando se imparti\u00f3 el Taller hab\u00eda un caso en Montezuma, hoy me llam\u00f3 el Dr. Fabio Quesada, Jefe de la Cl\u00ednica de C\u00f3bano a informarme que son 4 casos y que la situaci\u00f3n es preocupante y se puede tornar grave en cualquier momento.<\/p>\n<p>Adem\u00e1s no s\u00e9 si han visto, o\u00eddo o le\u00eddo noticias nacionales \u00faltimamente pero por si no lo saben, la Oficina Panamericana de la Salud, lanz\u00f3 una alerta de pa\u00eds con dengue para Costa Rica y sobre todo para la zona pacifico central a la cual pertenecemos, ya que es en esta zona donde se est\u00e1n registrando la mayor cantidad de casos. Si ustedes han notado una disminuci\u00f3n en el flujo tur\u00edstico en esta temporada de medio a\u00f1o, ya pueden sacar sus propias conclusiones de cu\u00e1l es el motivo!<\/p>\n<p><b>\u00a1\u00a1\u00a1LA FUMIGACION NO ES LA SOLUCION!!!\u00a0<\/b>Pues con fumigar se eliminan solamente los mosquitos adultos, las cientos de larvas quedan vivas y unos d\u00edas despu\u00e9s andar\u00e1n volando felices contagiando a m\u00e1s v\u00edctimas cada vez!<\/p>\n<p><b>\u00a1\u00a1\u00a1\u00a1LA UNICA SOLUCION ES ELIMINAR LOS CRIADEROS!!!!\u00a0<\/b>Por lo que por este medio los insto fervientemente a que enfrentemos juntos el problema, lo ataquemos y venzamos este mortal enemigo!!!<\/p>\n<p><b>\u00a1\u00a1\u00a1POR FAVOR ORGANICEMONOS POR BARRIOS Y TODOS JUNTOS DEMOS LA BATALLA! ES LA UNICA MANERA QUE TENEMOS DE SALIR AIROSOS DE ESTA DELICADA SITUACION!!!<\/b><\/p>\n<p><b>Hay que revisar las canoas, eliminar plantas acu\u00e1ticas, eliminar platitos debajo de las plantas que almacenen agua, lavar muy bien y cambiar diariamente el agua de los platos de nuestras mascotas, revisar todos los jardines y alrededores de nuestras casas, centros educativos de nuestros hijos, iglesias, establecimientos comerciales, canchas deportivas\u2026 en fin es un trabajo duro y de todos y cada uno de nosotros, \u00a1por favor concient\u00edcense de la gravedad de la situaci\u00f3n y actuemos ya!<\/b><\/p>\n<p><b>Este pr\u00f3ximo mi\u00e9rcoles 24 de julio, habr\u00e1 una recolecci\u00f3n de desechos no tradicionales, por lo que tenemos que recoger toda clase de basura electr\u00f3nica y de cualquier otro tipo, adem\u00e1s de llantas y cualquier otro objeto que pudiera servir para que se acumule agua y se haga un criadero. Adem\u00e1s de los patios y alrededores de nuestras casas y negocios, tenemos que preocuparnos tambi\u00e9n de las zonas p\u00fablicas vecinas. Por favor saquen a la calle todo lo que recojan para que sea recolectado por el personal del Concejo Municipal el pr\u00f3ximo mi\u00e9rcoles!<\/b><\/p>\n<p><b>Pong\u00e1monos las pilas y seamos capaces de ofrecer a nuestros hijos, hu\u00e9spedes, visitantes y a nosotros mismos una Comunidad Libre de Dengue!<\/b><\/p>\n<p><b>Cordialmente, Rebeca Quesada G\u00fcell &#8211; CaTuMo<\/b><\/p>\n<div class='clear'><\/div><hr><\/div><div class='pfpItem entry-content'><h2 class='entry-title'><a href='http:\/\/montezumainfo.net\/es\/invitacion-al-taller-contra-el-dengue\/'>Invitaci\u00f3n al Taller Contra el Dengue<\/a><\/h2><div class='entry-meta'>Posted on junio 30, 2013 by catumo<\/div><p id=\"top\" \/><strong>CaTuMo<\/strong> tiene por este medio, el gusto de invitar a toda la poblaci\u00f3n de Montezuma y alrededores al Taller sobre:<\/p>\n<h2>Prevenci\u00f3n y tratamiento del virus del dengue<\/h2>\n<p><strong>Fecha:<\/strong> jueves 11 de julio<br \/>\n<strong>Hora:<\/strong> de 10:00am a 12:00m (por favor sean puntuales!)<br \/>\n<strong>Lugar:<\/strong> 2o. piso del Restaurante Moctezuma<\/p>\n<p>\u00a1Vamos todos juntos a ganarle la batalla al dengue!<\/p>\n<p>\u00a1Por favor! \u00a1Por lo menos un representante por hogar y otro por personal de jardines y limpieza de cada uno de los negocios!<\/p>\n<p>\u00a1Solo juntos podremos evitar que nos enfermemos y contagiemos a nuestros visitantes!<\/p>\n<p>\u00a1No falten!\u00a0\u00a1All\u00e1 nos vemos!<\/p>\n<p><em>Rebeca, Albert, Lenin, Ori, Javier, Geoff y Christina<\/em><\/p>\n<p style=\"text-align: center;\"><a href=\"http:\/\/dengue.ccss.sa.cr\/enlaces\/enlaces_cr\/enlaces_cr03.html\" target=\"_blank\"><img loading=\"lazy\" decoding=\"async\" class=\"aligncenter\" alt=\"Costa Rica unida contra el dengue\" src=\"http:\/\/dengue.ccss.sa.cr\/images\/b_header.jpg\" width=\"572\" height=\"172\" \/><\/a><\/p>\n<div class='clear'><\/div><hr><\/div><div class='pfpItem entry-content'><h2 class='entry-title'><a href='http:\/\/montezumainfo.net\/es\/alerta-con-el-dengue\/'>\u00a1Alerta con el dengue!<\/a><\/h2><div class='entry-meta'>Posted on junio 20, 2013 by catumo<\/div><p id=\"top\" \/>CaTuMo los exhorta a colaborar con el Ministerio de Salud para crear conciencia en la enorme necesidad de que todos eliminemos criaderos de zancudos dentro y fuera de nuestras casas, tiendas y negocios. <\/p>\n<p>Muchas personas contin\u00faan creyendo que la fumigaci\u00f3n es la soluci\u00f3n, pero esto no es as\u00ed.<\/p>\n<p>Entre todos podemos lograr un distrito de C\u00f3bano libre de dengue, pero el Ministerio de Salud por s\u00ed solo no puede crear impacto en las diferentes acciones que realizamos. Necesitamos m\u00e1s compromiso de las personas de nuestra comunidad.<\/p>\n<p>\u00a1Ayudenos a cuidar la salud de nuestros habitantes y visitantes!<\/p>\n<div class='clear'><\/div><hr><\/div><div class='pfpItem entry-content'><h2 class='entry-title'><a href='http:\/\/montezumainfo.net\/es\/catumo-gestiona-avances-en-el-proyecto-de-la-ruta-r624-cobano-montezuma\/'>CaTuMo gestiona avances en el proyecto de la ruta R624 C\u00f3bano-Montezuma<\/a><\/h2><div class='entry-meta'>Posted on abril 3, 2013 by catumo<\/div><p id=\"top\" \/><a  class=\"launch-gallery-colorbox colorbox \" href=\"http:\/\/montezumainfo.net\/wp-content\/uploads\/2013\/04\/catumo-conavi-reunion.jpg\"><img loading=\"lazy\" decoding=\"async\" class=\"aligncenter  wp-image-1444\" alt=\"Reunion CaTuMo Conavi\" src=\"http:\/\/montezumainfo.net\/wp-content\/uploads\/2013\/04\/catumo-conavi-reunion.jpg\" width=\"600\" height=\"399\" srcset=\"http:\/\/montezumainfo.net\/wp-content\/uploads\/2013\/04\/catumo-conavi-reunion.jpg 1000w, http:\/\/montezumainfo.net\/wp-content\/uploads\/2013\/04\/catumo-conavi-reunion-300x199.jpg 300w\" sizes=\"auto, (max-width: 600px) 100vw, 600px\" \/><\/a><\/p>\n<p style=\"text-align: left;\">Con el prop\u00f3sito de avanzar con las obras para recuperar la superficie de ruedo de la R624 C\u00f3bano-Montezuma, y a solicitud de CaTuMo, el pasado 18 de febrero del 2013, tuvo lugar en Montezuma una reuni\u00f3n a la cual participaron los ingenieros Jos\u00e9 Luis Salas Quesada, director ejecutivo, Cristian Vargas Calvo, director de Conservaci\u00f3n Vial, Reynaldo Mata Carranza, director de regi\u00f3n Chorotega todos en representaci\u00f3n del Consejo Nacional de Vialidad (CONAVI) juntos al Intendente del Concejo Municipal de Distrito de C\u00f3bano se\u00f1or Omar Fernandez Villegas y los directivos de CaTuMo Antonio Vallese Bianchi y Romano Cruz Jimenez. La reuni\u00f3n sirvi\u00f3 para que el nuevo director ejecutivo de CONAVI adquiriera las informaciones pertinentes a las obras realizadas en el pasado y para fijar una fecha para la siguiente reuni\u00f3n, la cual tendr\u00e1 lugar a finales de abril. En la misma se trazar\u00eda el camino para involucrar todos los actores cuales el MOPT, la C\u00e1mara de Turismo, los vecinos, el Concejo Municipal con la intenci\u00f3n de aportar cada uno por separado lo que sea necesario para seguir con las obras que prevean la apertura de un cartel de licitaci\u00f3n por parte de CONAVI.<\/p>\n<div class='clear'><\/div><hr><\/div><div class='pfpItem entry-content'><h2 class='entry-title'><a href='http:\/\/montezumainfo.net\/es\/catumo-reconocido-por-sus-labores-abasteciendo-a-montezuma-de-agua\/'>CaTuMo reconocido por sus esfuerzos en Montezuma<\/a><\/h2><div class='entry-meta'>Posted on marzo 29, 2013 by catumo<\/div><p id=\"top\" \/>\n<p style=\"text-align: center;\"><a class=\"launch-gallery-colorbox colorbox \" href=\"http:\/\/montezumainfo.net\/wp-content\/uploads\/2013\/03\/Traspaso-2011.jpg\" title=\"Ceremonia de Traspaso de Poderes del Concejo Municipal de Distrito, C\u00f3bano 2011\"><img loading=\"lazy\" decoding=\"async\" class=\"aligncenter  wp-image-1407\" alt=\"Traspaso 2011\" src=\"http:\/\/montezumainfo.net\/wp-content\/uploads\/2013\/03\/Traspaso-2011.jpg\" width=\"576\" height=\"488\" srcset=\"http:\/\/montezumainfo.net\/wp-content\/uploads\/2013\/03\/Traspaso-2011.jpg 720w, http:\/\/montezumainfo.net\/wp-content\/uploads\/2013\/03\/Traspaso-2011-300x254.jpg 300w\" sizes=\"auto, (max-width: 576px) 100vw, 576px\" \/><\/a><\/p>\n<p style=\"text-align: left;\">Esta foto testimonia la importancia del trabajo de CaTuMo para la comunidad y el reconocimiento por parte de las autoridades locales: Antonio Vallese, presidente de CaTuMo (izquierda) fue invitado especial para el Traspaso de Poderes del Concejo Municipal de Distrito en el 2011.<\/p>\n<div class='clear'><\/div><hr><\/div><div class='pfpItem entry-content'><h2 class='entry-title'><a href='http:\/\/montezumainfo.net\/es\/nuevas-obras-viales-en-montezuma\/'>Nuevas obras viales en Montezuma<\/a><\/h2><div class='entry-meta'>Posted on noviembre 7, 2012 by catumo<\/div><p id=\"top\" \/><a class=\"launch-gallery-colorbox colorbox \" title=\"Calle Montezuma\" href=\"http:\/\/montezumainfo.net\/wp-content\/uploads\/2012\/11\/Calle-Montezuma.jpg\"><img loading=\"lazy\" decoding=\"async\" class=\"wp-image-1355 alignright\" title=\"Calle-Montezuma\" src=\"http:\/\/montezumainfo.net\/wp-content\/uploads\/2012\/11\/Calle-Montezuma.jpg\" alt=\"Calle Montezuma\" width=\"208\" height=\"312\" srcset=\"http:\/\/montezumainfo.net\/wp-content\/uploads\/2012\/11\/Calle-Montezuma.jpg 576w, http:\/\/montezumainfo.net\/wp-content\/uploads\/2012\/11\/Calle-Montezuma-199x300.jpg 199w\" sizes=\"auto, (max-width: 208px) 100vw, 208px\" \/><\/a><\/p>\n<p style=\"text-align: left;\">El Concejo Municipal de Distrito de C\u00f3bano asfaltar\u00e1 el tramo de ruta cantonal en Montezuma que va de la parada de bus y taxi hasta el puente sobre el Rio Montezuma. CaTuMo est\u00e1 colaborando con el trabajo de topograf\u00eda y adem\u00e1s el proyecto prev\u00e9 la construcci\u00f3n de un puente peatonal en madera que permitir\u00eda desplazarse desde la parada de bus hasta la calle frente al Hotel Montezuma y viceversa. El CMD aportar\u00e1 la mano de obra mientras que CaTuMo se har\u00e1 cargo del los materiales.<\/p>\n<p style=\"text-align: left;\"><a href=\"http:\/\/montezumainfo.net\/wp-content\/uploads\/2012\/11\/Calle-Montezuma.pdf\" target=\"_blank\">Descargar PDF: Plano Calle Montezuma<\/a><\/p>\n<div style=\"clear: both;\"><\/div>\n<div class='clear'><\/div><hr><\/div><div class='pfpItem entry-content'><h2 class='entry-title'><a href='http:\/\/montezumainfo.net\/es\/la-nueva-federacin-de-cmaras-de-turismo\/'>La nueva Federaci&oacute;n Peninsular de C&aacute;maras de Turismo<\/a><\/h2><div class='entry-meta'>Posted on octubre 28, 2012 by catumo<\/div><p id=\"top\" \/>Con gran entusiasmo y expectativa empez\u00f3 a trabajar la reci\u00e9n conformada Federaci\u00f3n Peninsular de C\u00e1maras de Turismo, la cual est\u00e1 integrada por las C\u00e1maras de Montezuma, Malpa\u00eds\/Santa Teresa, Tambor y Paquera y tiene como objetivo definir necesidades urgentes para el Distrito que puedan ser escuchadas como una sola voz por la Presidencia de la Rep\u00fablica. El pasado viernes 19 de octubre representantes de cada C\u00e1mara mas un integrante de la Comisi\u00f3n Tur\u00edstica Municipal se reunieron con el ministro de la presidencia se\u00f1or Carlos Ricardo Benavides, el gerente general del Instituto Costarricense de Turismo se\u00f1or Juan Carlos Borb\u00f3n, la diputada para Puntarenas del partido Liberaci\u00f3n Nacional do\u00f1a Agnes G\u00f3mez, presentes tambi\u00e9n los integrantes de la oficina regional de Puntarenas del I.C.T.<\/p>\n<p><a href=\"http:\/\/www.peninsuladenicoya.com\/\" target=\"_blank\"><em>Fotos cortes\u00eda de Guia Peninsula de Nicoya<\/em><\/a><\/p>\n<p><a class=\"launch-gallery-colorbox colorbox \" title=\"Councilman speaks at meeting \/ Regidor comenta durante reuni\u00f3n\" href=\"http:\/\/montezumainfo.net\/wp-content\/uploads\/2012\/10\/regidor.jpg\"><img loading=\"lazy\" decoding=\"async\" class=\"aligncenter  wp-image-1309\" title=\"Councilman speaks at meeting \/ Regidor comenta durante reuni\u00f3n\" src=\"http:\/\/montezumainfo.net\/wp-content\/uploads\/2012\/10\/regidor.jpg\" alt=\"Councilman speaks at meeting \/ Regidor comenta durante reuni\u00f3n\" width=\"576\" height=\"324\" srcset=\"http:\/\/montezumainfo.net\/wp-content\/uploads\/2012\/10\/regidor.jpg 960w, http:\/\/montezumainfo.net\/wp-content\/uploads\/2012\/10\/regidor-300x168.jpg 300w\" sizes=\"auto, (max-width: 576px) 100vw, 576px\" \/><\/a><\/p>\n<p style=\"text-align: center;\"><a class=\"launch-gallery-colorbox colorbox\" title=\"Reunion\" href=\"http:\/\/montezumainfo.net\/wp-content\/uploads\/2012\/10\/reunion.jpg\"><img loading=\"lazy\" decoding=\"async\" class=\"aligncenter  wp-image-1333\" title=\"Reunion\" src=\"http:\/\/montezumainfo.net\/wp-content\/uploads\/2012\/10\/reunion.jpg\" alt=\"Reunion\" width=\"576\" height=\"384\" srcset=\"http:\/\/montezumainfo.net\/wp-content\/uploads\/2012\/10\/reunion.jpg 960w, http:\/\/montezumainfo.net\/wp-content\/uploads\/2012\/10\/reunion-300x200.jpg 300w\" sizes=\"auto, (max-width: 576px) 100vw, 576px\" \/><\/a><\/p>\n<p style=\"text-align: center;\"><a class=\"launch-gallery-colorbox colorbox\" title=\"Antonio Vallese addresses the audience \/ Antonio Vallese se dirige a la audiencia\" href=\"http:\/\/montezumainfo.net\/wp-content\/uploads\/2012\/10\/reunion1.jpg\"><img loading=\"lazy\" decoding=\"async\" class=\"aligncenter  wp-image-1340\" title=\"Antonio Vallese addresses the audience \/ Antonio Vallese se dirige a la audiencia\" src=\"http:\/\/montezumainfo.net\/wp-content\/uploads\/2012\/10\/reunion1.jpg\" alt=\"Antonio Vallese addresses the audience \/ Antonio Vallese se dirige a la audiencia\" width=\"576\" height=\"324\" srcset=\"http:\/\/montezumainfo.net\/wp-content\/uploads\/2012\/10\/reunion1.jpg 960w, http:\/\/montezumainfo.net\/wp-content\/uploads\/2012\/10\/reunion1-300x168.jpg 300w\" sizes=\"auto, (max-width: 576px) 100vw, 576px\" \/><\/a><\/p>\n<div class='clear'><\/div><hr><\/div><div class='pfpItem entry-content'><h2 class='entry-title'><a href='http:\/\/montezumainfo.net\/es\/taller-de-codigo-de-conducta-el-12-de-setiembre-del-2012\/'>Taller de C\u00f3digo de Conducta del ICT el 12 de setiembre del 2012 en Montezuma<\/a><\/h2><div class='entry-meta'>Posted on septiembre 4, 2012 by catumo<\/div><p id=\"top\" \/>Buenas tardes estimados amigos,<\/p>\n<p>Espero se encuentren bien. Quisiera invitarles a participar del <em><strong>Taller de C\u00f3digo de Conducta en contra de la explotaci\u00f3n sexual de ni\u00f1os y adolescentes<\/strong><\/em>, que se realizar\u00e1 coordinadamente con las <strong>C\u00e1maras de turismo de Santa teresa y Montezuma<\/strong>, dicho taller se llevar\u00e1 a cabo el d\u00eda <strong>12 de setiembre<\/strong> en Hotel Luz de Mono en <strong>Montezuma<\/strong>; esta capacitaci\u00f3n es muy importante para el sector turismo y es requisito para la obtenci\u00f3n del Certificado de Sostenibilidad Tur\u00edstica (CST) por tanto queremos invitarles a participar activamente e invitar a sus contactos.<\/p>\n<p>Les adjunto informaci\u00f3n con la invitaci\u00f3n<\/p>\n<p>Saludos cordiales,<\/p>\n<p>Laura \u00c1lvarez C\u00f3rdoba<br \/>\nOficina Regional Puntarenas<br \/>\nInstituto Costarricense de Turismo<br \/>\nTelefax: 2661-0337<br \/>\nwww.visitecostarica.com<br \/>\nlalvarez@ict.go.cr<\/p>\n<hr \/>\n<p>Estimados empresarios tur\u00edsticos:<\/p>\n<p>Reciban un saludo por parte del ICT.<br \/>\nEl Dpto. de Sostenibilidad Tur\u00edstica y la Oficina Regional de Puntarenas tienen el agrado de invitarlos a participar de la capacitaci\u00f3n para la adhesi\u00f3n al C\u00f3digo de Conducta Contra la Explotaci\u00f3n de Ni\u00f1os, Ni\u00f1as y Adolescentes Asociada a Viajes y Turismo.\u00a0\u00a0 <\/p>\n<p>Esta capacitaci\u00f3n es el primer requisito dentro del proceso para la suscripci\u00f3n del C\u00f3digo de Conducta, y es requisito para la obtenci\u00f3n del Certificado de Sostenibilidad Tur\u00edstica (CST) por lo tanto est\u00e1 orientada a aquellas empresas que todav\u00eda no cuenta con la adhesi\u00f3n, las que podr\u00e1n enviar a 2 representantes de la misma, que podr\u00e1n luego replicar la capacitaci\u00f3n al resto de sus colaboradores. Adjunto s\u00edrvase encontrar la invitaci\u00f3n con los detalles.<\/p>\n<p>Si desea m\u00e1s informaci\u00f3n puede llamar al 2661-0337 con Maricel Guevara <\/p>\n<p>Para confirmaci\u00f3n de asistencia, s\u00edrvase responder a este correo, de ser posible con el nombre de las 2 personas designadas.<\/p>\n<p>Atte.<br \/>\n\u00a0<br \/>\nMaricel Guevara- Laura \u00c1lvarez C\u00f3rdoba- Mauricio Mora Morales<br \/>\nOficina Regional de Puntarenas, Monteverde e Islas<br \/>\n\u00a0<br \/>\nQue tengan un lindo d\u00eda.<\/p>\n<p><img loading=\"lazy\" decoding=\"async\" src=\"http:\/\/montezumainfo.net\/wp-content\/uploads\/2012\/09\/invitation-es.jpg\" alt=\"Invitacion Taller ICT\" title=\"Invitacion Taller ICT\" width=\"569\" height=\"427\" class=\"aligncenter size-full wp-image-1261\" srcset=\"http:\/\/montezumainfo.net\/wp-content\/uploads\/2012\/09\/invitation-es.jpg 569w, http:\/\/montezumainfo.net\/wp-content\/uploads\/2012\/09\/invitation-es-300x225.jpg 300w\" sizes=\"auto, (max-width: 569px) 100vw, 569px\" \/><\/p>\n<div class='clear'><\/div><hr><\/div><div class='pfpItem entry-content'><h2 class='entry-title'><a href='http:\/\/montezumainfo.net\/es\/nuestros-mejores-deseos-para-el-nuevo-ao-empezando-con-buenas-nuevas\/'>Nuestros mejores deseos para el Nuevo A&ntilde;o, empezando con buenas nuevas!<\/a><\/h2><div class='entry-meta'>Posted on enero 30, 2012 by catumo<\/div><p id=\"top\" \/><a href=\"http:\/\/montezumainfo.net\/wp-content\/uploads\/2012\/01\/montezuma-recicla.jpg\" class=\"launch-gallery-colorbox colorbox \" title=\"Montezuma Recicla crece con su apoyo.\"><img loading=\"lazy\" decoding=\"async\" src=\"http:\/\/montezumainfo.net\/wp-content\/uploads\/2012\/01\/montezuma-recicla-300x225.jpg\" alt=\"Montezuma Recicla\" title=\"Montezuma Recicla\" width=\"300\" height=\"225\" class=\"alignright size-medium wp-image-1179\" srcset=\"http:\/\/montezumainfo.net\/wp-content\/uploads\/2012\/01\/montezuma-recicla-300x225.jpg 300w, http:\/\/montezumainfo.net\/wp-content\/uploads\/2012\/01\/montezuma-recicla.jpg 720w\" sizes=\"auto, (max-width: 300px) 100vw, 300px\" \/><\/a>Estimada Comunidad de Montezuma!<\/p>\n<p>Con mucho agrado nos dirigimos a ustedes a fin de enviarles todos nuestros buenos deseos para este nuevo A\u00f1o que acaba de comenzar, que sea \u00e9ste un muy pr\u00f3spero a\u00f1o y que ustedes y sus familiares gocen de mucha salud y armon\u00eda.  <\/p>\n<p>Quisieramos adem\u00e1s aprovechar esta oportunidad para enviar nuestro sincero agradecimiento por todo el apoyo brindado a la C\u00e1mara y los proyectos iniciados. Fue evidentemente un a\u00f1o de aprendizajes y por qu\u00e9 no decirlo? de \u00e9xitos! Exitos que fueron posibles gracias a su participaci\u00f3n y al pago mensual de la cuota de afiliaci\u00f3n, que nos permite cubrir los gastos operativos. <\/p>\n<p>Sirva la presente adem\u00e1s para informarles tres buenas nuevas: la primera es que ya estamos reciclando las latas de alimentos (que en un principio no eran procesables para reciclar), lo cual incluye entre otros latas de at\u00fan, de leche de coco, sardinas, frijoles, etc.  La segunda es que con la llegada de la temporada alta hemos retomado el horario de recolecci\u00f3n de reciclables:<\/p>\n<p>Ruta Montezuma &#8211; Cabuya: Mi\u00e9rcoles<br \/>\nRuta Montezuma &#8211; Pura Via: Jueves<\/p>\n<p>Siempre entre 6 &#8211; 10 am., por lo que es importante dejar los reciclables antes de las 6 am y ubicarlos en un lugar visible para que Macho los pueda identificar.  Clasificar los reciclables (aluminio y tetra-pack, vidrio y pl\u00e1stico) nos ayudar\u00eda mucho y lo agradecer\u00edamos altamente; sin embargo, entendemos que las obligaciones diarias no nos dejan mucho espacio para hacerlo, por lo que pueden poner todos los reciclables mezclados en una bolsa debidamente cerrada. Unicamente reciclables, por favor! Si tienen dudas sobre cu\u00e1les son los materiales o recipientes que reciclamos, si\u00e9ntanse libres de enviarnos un correo y con mucho gusto le enviaremos la informaci\u00f3n. En cualquier caso, todav\u00eda disponemos de folletos con la informaci\u00f3n que pueden pasar recogiendo por la oficina de Suntrails\/Tropisphere.  <\/p>\n<p>La tercera buena noticia es que el nuevo centro de reciclaje ya est\u00e1 funcionando!  Est\u00e1 ubicado en Delicias, donde los voluntarios diariamente nos ayudan a separar, compactar y empacar los reciclables. Y en este punto quisieramos agradecer la ayuda de Ori de Amor de Mar, quien nos est\u00e1 ayudando con el transporte diario de los voluntarios desde Montezuma a Delicias.  <\/p>\n<p>No obstante, a\u00fan faltan algunos detalles importantes para el total funcionamiento del Centro de Reciclaje. Lo m\u00e1s urgente por el momento es construir un tanque de agua para lo cual necesitamos materiales \u2014 inclu\u00eddas las tuber\u00edas.  Hacemos un llamado entonces para aquellas personas que deseen cooperar con material o dinero para llevar este proyecto a cabo.  Solamente el medidor que hay que instalar cuesta \u00a2180.000 &ellip; por lo que cada grano de arena es necesario!<\/p>\n<p>Muchas gracias por su amable atenci\u00f3n. Para mayor informaci\u00f3n o realizar donaciones pueden contactar directamente a Antonio ( antonio@tajalin.com ), Ori al tel\u00e9fono 2642-1434, o a Sandy a  marketing@paraisopublicidad.com  <\/p>\n<p>Dese\u00e1ndole un  feliz fin de semana,<\/p>\n<p>Atentamente,<br \/>\nC\u00e1mara de Turismo de Montezuma<\/p>\n<div class='clear'><\/div><hr><\/div><div class='pfpItem entry-content'><h2 class='entry-title'><a href='http:\/\/montezumainfo.net\/es\/asamblea-general-ordinaria\/'>Asamblea General Ordinaria<\/a><\/h2><div class='entry-meta'>Posted on junio 2, 2011 by catumo<\/div><p id=\"top\" \/>Por este medio la Camara de Turismo de Montezuma tiene el agrado de invitar a los asociados a la ASAMBLEA ORDINARIA \u00a0a celebrarse el pr\u00f3ximo lunes 13 de Junio de 2011 en el balc\u00f3n del Hotel Montezuma a las 3:30 p.m.<\/p>\n<p style=\"padding-left: 30px;\">AGENDA<\/p>\n<p style=\"padding-left: 30px;\">1. BIENVENIDA<\/p>\n<p style=\"padding-left: 30px;\">2. COMPROBACION DE QUORUM<\/p>\n<p style=\"padding-left: 30px;\">3. LECTURA Y RATIFICACION DE ACTA ANTERIOR<\/p>\n<p style=\"padding-left: 30px;\">4. INFORME DEL PRESIDENTE<\/p>\n<p style=\"padding-left: 30px;\">5. INFORME DE TESORERIA<\/p>\n<p style=\"padding-left: 30px;\">6. MOCIONES<\/p>\n<p style=\"padding-left: 30px;\">7. ELECCION DE JUNTA DIRECTIVA<\/p>\n<p style=\"padding-left: 30px;\">8. ACUERDOS<\/p>\n<p style=\"padding-left: 30px;\">9. VARIOS<\/p>\n<p>Nota: nos acompa\u00f1ar\u00e1 el \u00a0Lic. JUAN CARLOS FONSECA HERRERA<\/p>\n<p><em>Camara de Turismo de Montezuma impulsando el desarrollo tur\u00edstico<\/em><\/p>\n<div class='clear'><\/div><hr><\/div><div class='pfpItem entry-content'><h2 class='entry-title'><a href='http:\/\/montezumainfo.net\/es\/informacion-sobre-trabajos-en-la-cuesta-de-montezuma\/'>Informaci\u00f3n sobre Trabajos en la Cuesta de Montezuma<\/a><\/h2><div class='entry-meta'>Posted on abril 3, 2011 by catumo<\/div><p id=\"top\" \/>El pasado mi\u00e9rcoles 30 de marzo se llev\u00f3 a cabo una reuni\u00f3n para tratar el tema de los trabajos a realizar en la ruta 624 C\u00f3bano &#8211; Montezuma. La reuni\u00f3n cont\u00f3 con la participaci\u00f3n del presidente de la Camara de Turismo de Montezuma, Antonio Vallese, el Intendente Municipal Omar Fernandez, el subdirector del CONAVI, Miguel Arroyo, el Gerente de Ventas del Quebrador Manchester de Tambor, Luis Prendas y un vecino de C\u00f3bano. Despu\u00e9s de cuatro horas se finiquit\u00f3 la contrataci\u00f3n directa para la preparaci\u00f3n de la base, sub-base y conformaci\u00f3n de la superficie de ruedo para dicha ruta por un costo aproximado de \u00a2125.000.000,00 y la utilizaci\u00f3n de 7.000 m3 de material.<\/p>\n<p>El paso siguiente es la licitaci\u00f3n por parte de un m\u00e1ximo de tres empresas para luego empezar los trabajos en la ruta en aproximadamente dos meses.<\/p>\n<p>En vista de esto, el presidente de CaTuMo solicit\u00f3 una audiencia al director ejecutivo del CONAVI, Ing. Carlos Eduardo Acosta Monge, para solicitar celeridad en el inicio de los trabajos dado que por las condiciones en que se encuentra la cuesta, es arriesgado esperar tanto tiempo.<\/p>\n<div class='clear'><\/div><hr><\/div><div class='pfpItem entry-content'><h2 class='entry-title'><a href='http:\/\/montezumainfo.net\/es\/montezuma-recicla-%c2%a1todo-un-exito\/'>Montezuma Recicla: \u00a1Todo un \u00e9xito!<\/a><\/h2><div class='entry-meta'>Posted on marzo 9, 2011 by catumo<\/div><p id=\"top\" \/>\u00a1\u00a1\u00a1Todo un \u00e9xito!!!<\/p>\n<p>En nombre de la C\u00e1mara de Turismo de Montezuma quisieramos agradecer enormemente a todas las personas que participaron y permitieron con su esfuerzo y colaboraci\u00f3n que este proyecto se hiciera posible.\u00a0 En especial agradecemos a El Sano Banano por su donacion de comida, a Amor de Mar por cedernos el lugar y la donaci\u00f3n de alimentos, a Cocolores, Org\u00e1nico, Roberto Acevedo, Tiani Gatti, a Hodges por sus dise\u00f1os, a la Panaderia Mamma Maria, a Pipasa por su donacion de embutidos, a L&#8217;Angolo Allegro, Astrid Schultze, Romano, a Jairo, a Lenin y todos los voluntarios, Christina Sherman y Jorge &#8216;Empanada&#8217; por darnos una mano en la mesa de ventas, a Madeleine, Tad y Jana, Marlen Delgado, Tairona, Jairo Solano y Teresa Cerdas.<\/p>\n<p>\u00a1Gracias a los musicos y artistas! A Macana, a Cristiano Bonfigli, a la Orquesta Sinem-Montezuma, a Toli, Chisco, Cecilia, Jorge Roseman, a Eli, Geoff McCabe, Joseph, a Ninoska Gomez, a Irene y Gabriel, Barbara, por tan hermosos performances y buena musica!<\/p>\n<p>Gracias a los participantes del fabuloso partido &#8216;Ticos Vs El Resto del Mundo&#8217; y nuestras felicitaciones a los ganadores: \u00a1Los Ticos!<\/p>\n<p>Gracias a Mario, Macho y a todos aquellos involucrados en la tarea diaria de recolectar y empacar los reciclables.<\/p>\n<p><img decoding=\"async\" class=\"aligncenter size-full wp-image-1012\" title=\"cristiano550px\" src=\"http:\/\/montezumainfo.net\/wp-content\/uploads\/2011\/03\/cristiano550px.jpg\" alt=\"cristiano550px\" \/><\/p>\n<p>Nuestro primer Festival del Reciclaje, del que efectivamente aprendimos mucho y ganamos experiencia para proximos y MEJORES festivales y fiestas. \u00a1Muchas gracias a toda la comunidad montezume\u00f1a por asistir y acompa\u00f1arnos en este dia lleno de arte, musica y sabor!<\/p>\n<p>Gracias a todas las personas que nos apoyaron y que en este momento se nos escapan mencionar.<\/p>\n<p>Aprovechamos la oportunidad para invitarles a asistir a las reuniones de CaTuMo, donde con mucho gusto recibiremos sugerencias e ideas para mejorar y hacer crecer este hermoso lugar.<\/p>\n<p>\u00a1\u00a1\u00a1Puro Reciclaje y Pura Vida!!!<\/p>\n<p><a href=\"http:\/\/www.facebook.com\/pages\/Montezuma-Recicla-Montezuma-Recycles\/132212710176407\" target=\"_blank\">Favor hacer click aqu\u00ed para visitar la p\u00e1gina de \u201cMontezuma Recicla\u201d en Facebook.<\/a><\/p>\n<div class='clear'><\/div><hr><\/div><div class='pfpItem entry-content'><h2 class='entry-title'><a href='http:\/\/montezumainfo.net\/es\/%c2%a1buenas-nuevas-en-montezuma\/'>\u00a1Buenas nuevas en Montezuma!<\/a><\/h2><div class='entry-meta'>Posted on febrero 16, 2011 by catumo<\/div><p id=\"top\" \/>\n<p style=\"text-align: left;\">\n<p style=\"text-align: left;\">Continuando con los proyectos para desarrollar y mejorar el hermoso pueblo de Montezuma, CATUMO obtuvo otro logro al haber gestionado los tr\u00e1mites necesarios para que la empresa constructora RAASA realizara el relleno de los baches en el centro de Montezuma y en parte de la v\u00eda asfaltada, el pasado viernes 4 de febrero del 2011.<\/p>\n<p>Adicionalmente, en el marco del programa \u2018Montezuma Recicla\u2019, CATUMO, con la colaboraci\u00f3n de la comunidad y negocios locales, ya ha entregado y vendido a las empresas de reciclaje VICESA y Florida Bebidas m\u00e1s de cuatro toneladas de vidrio y alrededor de 700 kg de pl\u00e1stico, aluminio y tetra-brick, a s\u00f3lo un mes de iniciado el reciclaje. Asimismo, para celebrar esta buena noticia, la C\u00e1mara de Turismo est\u00e1 organizando la \u2018Gran Fiesta del Reciclaje\u2019 que se llevar\u00e1 a cabo el d\u00eda s\u00e1bado 26 de febrero en la cancha de futbol de Montezuma (3:00pm), continuando en el Hotel Amor de Mar a las 4:30pm. En esta gran celebraci\u00f3n se espera reunir a toda la comunidad montezume\u00f1a y de las zonas aleda\u00f1as.<\/p>\n<p style=\"text-align: center;\"><img loading=\"lazy\" decoding=\"async\" class=\"size-full wp-image-1000 aligncenter\" title=\"montezuma_recicla_600px\" src=\"http:\/\/montezumainfo.net\/wp-content\/uploads\/2011\/02\/montezuma_recicla_600px.jpg\" alt=\"montezuma_recicla_600px\" width=\"600\" height=\"450\" \/><\/p>\n<p>A\u00fan quedan muchas otras metas por alcanzar; sin embargo es importante recordar que el \u00e9xito de cada proyecto o iniciativa depende exclusivamente de la participaci\u00f3n activa de cada uno de los integrantes de esta creciente comunidad: \u00a1Cada grano de arena es importante!<\/p>\n<p>Reciclar nos permite no s\u00f3lo ahorrar energ\u00eda, recursos y dinero sino adem\u00e1s preservar el ecosistema y el medioambiente donde vivir\u00e1n nuestros hijos.  Lanzamos un llamado a toda la comunidad y a todos los negocios a seguir apoy\u00e1ndonos en esta valiosa labor y seguir separando y entregandonos sus reciclables!<\/p>\n<p>\u00a1Vaya, pues, una ovaci\u00f3n para el pueblo de Montezuma por estas iniciativas!<\/p>\n<div class='clear'><\/div><hr><\/div><div class='pfpItem entry-content'><h2 class='entry-title'><a href='http:\/\/montezumainfo.net\/es\/informe-sobre-el-trabajo-en-la-cuesta-y-el-programa-de-reciclaje\/'>Informe sobre el trabajo en la cuesta y el programa de reciclaje<\/a><\/h2><div class='entry-meta'>Posted on enero 12, 2011 by catumo<\/div><p id=\"top\" \/><strong>Estimados amigos de Montezuma,<\/strong><\/p>\n<p>Reciban un cordial saludo y nuestros mejores deseos para el Nuevo A\u00f1o. Despu\u00e9s de nuestra \u00faltima reuni\u00f3n, respuestas obtenidas y trabajos realizados, aqu\u00ed les pasamos un informe simplificado para mantenerlos al tanto sobre el avance de los proyectos:<\/p>\n<h3>Trabajo en la cuesta de Montezuma:<\/h3>\n<p>Con respecto al proyecto de esta Asociaci\u00f3n en conjunto con el CONAVI, me permito aclarar que el mismo sigue en pie: despu\u00e9s de que el CONAVI descartara utilizar el material (lastre) ofrecido por la C\u00e1mara y decidiera inclinarse por lo del Quebrador Manchester, el se\u00f1or Ing. Miguel Arroyo Murillo, director a.i. regional Guanacaste, nos ha comunicado que el dise\u00f1o del proyecto \u201cya sali\u00f3\u201d. El ingeniero esta gestionando tambi\u00e9n el arreglo de la Ruta 160 Paquera-C\u00f3bano, as\u00ed esperemos que lo prometido se ejecute por el bienestar de los que a diario transitamos por la \u201ccuesta de Montezuma\u201d y para recibir de la mejor forma los turistas nacionales y extranjeros.<\/p>\n<h3><img loading=\"lazy\" decoding=\"async\" class=\"alignright size-full wp-image-904\" title=\"reciclaje\" src=\"http:\/\/montezumainfo.net\/wp-content\/uploads\/2011\/01\/reciclaje.jpg\" alt=\"reciclaje\" width=\"372\" height=\"248\" srcset=\"http:\/\/montezumainfo.net\/wp-content\/uploads\/2011\/01\/reciclaje.jpg 372w, http:\/\/montezumainfo.net\/wp-content\/uploads\/2011\/01\/reciclaje-300x200.jpg 300w\" sizes=\"auto, (max-width: 372px) 100vw, 372px\" \/>Programa de Reciclaje:<\/h3>\n<p><strong>Centro de Acopio:<\/strong> Desde el primer boletin sobre el programa, han habido algunos cambios. \u00a0En primer lugar, ya no contamos con el espacio que nos hab\u00eda sido ofrecido para el centro de acopio en el camping Montezuma. Actualmente contamos con un Centro de Acopio Temporal, cedido amablemente por el se\u00f1or Romano Cruz, ubicado en Cabinas Susan. Este centro estar\u00e1 operativo y recibiendo los reciclables de la comunidad hasta que encontremos un espacio definitivo para el Centro. Si Ud. tiene un terreno amplio que no est\u00e9 siendo utilizado, y desea colaborar con el programa, por favor, hagan\u00f3slo saber.<\/p>\n<p><strong>Recolecci\u00f3n de reciclables:<\/strong> Como les informamos en nuestro bolet\u00edn anterior, CaTuMo consider\u00f3 la contrataci\u00f3n de Mario Gonz\u00e1lez para recolectar diariamente los reciclables de los basureros, mantenerlos limpios y en orden y para trasladarlos al centro de acopio y all\u00ed darles el tratamiento adecuado (clasificarlos, lavarlos, compactarlos y empacarlos). La supervisi\u00f3n de esta tarea y del trabajo con los voluntarios la est\u00e1 realizando por el momento Ori Braun directamente.<\/p>\n<p>Igualmente les informamos que estamos ofreciendo a los negocios (especialmente a los restaurantes, bares u hoteles) el servicio de recolecci\u00f3n diaria o semanal (dependiendo de las necesidades del negocio) de los reciclables en su local o establecimiento. El servicio lo ofrecemos al m\u00f3dico precio de \u00a25.000 por mes. Este monto nos ayudar\u00e1 a pagar el salario del Sr. Gonz\u00e1lez.<\/p>\n<p>Es muy importante que envien sus reciclables al centro de acopio mencionado o que nos llamen para pasar a buscarlos. Este es un programa de reciclaje aut\u00e9ntico y serio que cuenta con el respaldo de VICESA y La Florida, entre otros. El se\u00f1or Gerardo, quien hasta ahora se llevaba todos los desechos, s\u00f3lo los traslada hasta C\u00f3bano y el destino de esos reciclables es incierto.<\/p>\n<p><strong>Bolsas Pl\u00e1sticas:<\/strong> Abrimos una cordial invitaci\u00f3n a todos los negocios y familias a donar bolsas pl\u00e1sticas tama\u00f1o JARDIN. Cada basurero est\u00e1 provisto con una bolsa pl\u00e1stica que se cambia con regularidad, por lo que las bolsas son una constante durante todo el a\u00f1o. Su aporte puede ser directamente en Bolsas o en dinero (nosotros nos encargar\u00edamos de comprarlas en San Jos\u00e9 al por mayor tan pronto juntemos el dinero para la adquisici\u00f3n de las mismas \u2014 tenemos un reporte detallado del uso del dinero para el reciclaje a disposici\u00f3n de los interesados).<\/p>\n<p><strong>Facebook:<\/strong> ahora tambi\u00e9n <a href=\"http:\/\/www.facebook.com\/pages\/Montezuma-Recicla-Montezuma-Recycles\/132212710176407?ref=ts&amp;v=wall\" target=\"_blank\">nos puede encontrar en Facebook<\/a>, el cual utilizaremos como una manera m\u00e1s f\u00e1cil y r\u00e1pida para estar en contacto. Si\u00e9ntase libre de contactarnos tambien por ese medio para cualquier sugerencia: \u00a1Montezuma Recicla!<\/p>\n<p>Para cualquier informaci\u00f3n adicional sobre el programa de reciclaje, sugerencias, aportes o informaci\u00f3n sobre los proyectos de la C\u00e1mara de Turismo de Montezuma, por favor comun\u00edquese con Ori Braun al <a href=\"mailto:ori@ice.co.cr\">ori@ice.co.cr<\/a>, o con Antonio Vallese a <a href=\"mailto:antonio@tajalin.com\">antonio@tajalin.com<\/a>, o simplemente visite nuestro sitio web <a href=\"http:\/\/www.montezumainfo.net\/\">www.montezumainfo.net<\/a>.<\/p>\n<p>\u00a1Muchas gracias por su atenci\u00f3n!<\/p>\n<p>\u00a1Puro Reciclaje!<\/p>\n<div class='clear'><\/div><hr><\/div><div class='pfpItem entry-content'><h2 class='entry-title'><a href='http:\/\/montezumainfo.net\/es\/avances-en-proyecto-vial-cobano-montezuma\/'>Informe del Presidente de CaTuMo: Avances en proyecto vial C\u00f3bano-Montezuma<\/a><\/h2><div class='entry-meta'>Posted on diciembre 17, 2010 by catumo<\/div><p id=\"top\" \/>Con respecto al proyecto de esta Asociaci\u00f3n en conjunto con el CONAVI, me permito aclarar que el mismo sigue en pie: despu\u00e9s de que el CONAVI descartara utilizar el material (lastre) ofrecido por la C\u00e1mara y decidiera inclinarse por lo del Quebrador Manchester, el se\u00f1or Ing.  Miguel Arroyo Murillo, director a.i. regional Guanacaste, nos ha comunicado que el dise\u00f1o del proyecto \u201cya sali\u00f3\u201d. El ingeniero esta gestionando tambi\u00e9n el arreglo de la Ruta 160 Paquera-C\u00f3bano, as\u00ed  esperemos que lo prometido se ejecute por el bienestar de los que a diario transitamos por la \u201ccuesta de Montezuma\u201d y para recibir de la mejor forma los turistas nacionales y extranjeros.<\/p>\n<p>No omito externar mi incomodidad por el atraso de este proyecto por el cual he trabajado fuertemente, llevando las inquietudes de los vecinos y afiliados hasta la oficina de la direcci\u00f3n ejecutiva del CONAVI en San Jos\u00e9, recibidas por el jefe de despacho se\u00f1or Oscar Benavides.<\/p>\n<p>Aprovecho la ocasi\u00f3n para comentar que el se\u00f1or Romano Cruz, vicepresidente de la Asociaci\u00f3n, ha decidido donar a la C\u00e1mara el lastre no utilizado, que dicho sea de paso es de buena calidad ya que es el mismo que se utiliz\u00f3 hace muchos a\u00f1os para la base del camino a Las Delicias, el cual est\u00e1 a la venta al costo de \u00a2100,000 \u201cla vagoneta\u201d. Lo que se recaude servir\u00e1 para auto-financiar la Asociaci\u00f3n para la puesta en marcha de varios proyectos incluyendo la compra e instalaci\u00f3n de m\u00e1s basureros en diferentes puntos del pueblo, as\u00ed como la contrataci\u00f3n de un trabajador que se encargue de la limpieza, recolecci\u00f3n y reciclaje de la basura.<\/p>\n<p lang=\"it-IT\"><span style=\"font-family: Century, serif;\">P\/ CATUMO<br \/>\n<\/span><span style=\"font-family: Century, serif;\">Antonio Vallese<br \/>\n<\/span><span style=\"font-family: Century, serif;\">Presidente<\/span><\/p>\n<div class='clear'><\/div><hr><\/div><div class='pfpItem entry-content'><h2 class='entry-title'><a href='http:\/\/montezumainfo.net\/es\/asamblea-ordinaria-catumo\/'>Asamblea Ordinaria CaTuMo<\/a><\/h2><div class='entry-meta'>Posted on octubre 11, 2010 by catumo<\/div><p id=\"top\" \/>La presente es para comunicar que el 20 de octubre, en el balc\u00f3n del Hotel Montezuma, a las 3:00 de la tarde se celebrara la Asamblea anual ordinaria de la C\u00e1mara de Turismo de Montezuma. Todos los asociados y los que todav\u00eda no lo son, est\u00e1n cordialmente invitados.<\/p>\n<p><img loading=\"lazy\" decoding=\"async\" class=\"alignright size-full wp-image-856\" title=\"aracari\" src=\"http:\/\/montezumainfo.net\/wp-content\/uploads\/2010\/10\/aracari.jpg\" alt=\"aracari\" width=\"300\" height=\"225\" \/><\/p>\n<p><em>Agenda:<\/em><\/p>\n<ol>\n<li>Bienvenida<\/li>\n<li>Comprobaci\u00f3n de qu\u00f3rum<\/li>\n<li>Lectura del acta anterior<\/li>\n<li>Palabras del presidente<\/li>\n<li>Informe de tesorer\u00eda<\/li>\n<li>Elecci\u00f3n nuevos miembros de\u00a0junta\u00a0directiva<\/li>\n<li>Futuro de la Camara de Turismo<\/li>\n<li>Mociones<\/li>\n<\/ol>\n<p>Saludos cordiales,<br \/>\nAntonio Vallese<\/p>\n<div class='clear'><\/div><hr><\/div><div class='pfpItem entry-content'><h2 class='entry-title'><a href='http:\/\/montezumainfo.net\/es\/escuela-de-montezuma-recibe-equipo-de-computadoras\/'>Escuela de Montezuma recibe equipo de computadoras<\/a><\/h2><div class='entry-meta'>Posted on noviembre 10, 2009 by catumo<\/div><p id=\"top\" \/><img loading=\"lazy\" decoding=\"async\" src=\"http:\/\/montezumainfo.net\/wp-content\/uploads\/2009\/11\/pc1.jpg\" alt=\"pc1\" title=\"pc1\" width=\"401\" height=\"300\" class=\"alignright size-full wp-image-829\" srcset=\"http:\/\/montezumainfo.net\/wp-content\/uploads\/2009\/11\/pc1.jpg 401w, http:\/\/montezumainfo.net\/wp-content\/uploads\/2009\/11\/pc1-300x224.jpg 300w\" sizes=\"auto, (max-width: 401px) 100vw, 401px\" \/>El pasado mes de octubre, el Concejo Municipal de C\u00f3bano hizo entrega de 5 computadoras nuevas completas a la escuela de Montezuma. El valor asciende a m\u00e1s de 2.000.000 de colones y fue una donaci\u00f3n que el Concejo Municipal de C\u00f3bano hizo a trav\u00e9s de Arnoldo Rojas y la C\u00e1mara de Turismo de Montezuma. <\/p>\n<p>La C\u00e1mara de Turismo de Montezuma aprovecha la ocasi\u00f3n para hacer una convocatoria a la Asamblea anual ordinaria que tendr\u00e1 lugar el pr\u00f3ximo 18 de noviembre a las 2:00 p.m. en el Hotel el Tajal\u00edn, Montezuma.<\/p>\n<p><img decoding=\"async\" src=\"http:\/\/montezumainfo.net\/wp-content\/uploads\/2009\/11\/pc2.jpg\" alt=\"pc2\" title=\"pc2\" class=\"aligncenter size-full wp-image-834\" \/><br \/>\n<img decoding=\"async\" src=\"http:\/\/montezumainfo.net\/wp-content\/uploads\/2009\/11\/pc4.jpg\" alt=\"pc4\" title=\"pc4\" class=\"aligncenter size-full wp-image-837\" \/><\/p>\n<div class='clear'><\/div><hr><\/div><div class='pfpItem entry-content'><h2 class='entry-title'><a href='http:\/\/montezumainfo.net\/es\/ict-y-catumo-ofrecen-cursos-de-ingles\/'>ICT y CaTuMo ofrecen cursos de Ingl\u00e9s<\/a><\/h2><div class='entry-meta'>Posted on julio 14, 2009 by catumo<\/div><p id=\"top\" \/>Cursos de ingl\u00e9s (b\u00e1sico-intermedio-avanzado) promovidos por el Instituto Costarricense de Turismo (ICT) y la C\u00e1mara de Turismo de Montezuma (CaTuMo) y reconocidos por el servicio civil ser\u00e1n ofrecidos a partir del 20 de julio. Interesados por favor comunicarse con Lisseth Morales al 8315-1223 \u00f3 con William Morales al 8823-6111.<\/p>\n<div class='clear'><\/div><hr><\/div><div class='pfpItem entry-content'><h2 class='entry-title'><a href='http:\/\/montezumainfo.net\/es\/presidente-de-catumo-presenta-informe-de-labores\/'>Presidente de CaTuMo presenta informe de labores<\/a><\/h2><div class='entry-meta'>Posted on julio 4, 2009 by catumo<\/div><p id=\"top\" \/><em>El siguiente es el informe de labores presentado por Antonio Vallese, presidente de CaTuMo, durante la tercera asamblea general la cual se llev\u00f3 a cabo recientemente en Montezuma.<\/em><\/p>\n<p><img loading=\"lazy\" decoding=\"async\" class=\"alignright size-full wp-image-723\" title=\"Martin Pe\u00f1a\" src=\"http:\/\/montezumainfo.net\/wp-content\/uploads\/2009\/07\/martinpena.jpg\" alt=\"Martin Pe\u00f1a\" width=\"300\" height=\"400\" srcset=\"http:\/\/montezumainfo.net\/wp-content\/uploads\/2009\/07\/martinpena.jpg 300w, http:\/\/montezumainfo.net\/wp-content\/uploads\/2009\/07\/martinpena-225x300.jpg 225w\" sizes=\"auto, (max-width: 300px) 100vw, 300px\" \/>Como Presidente de la Asociaci\u00f3n Pro desarrollo tur\u00edstico de Puerto Moctezuma (CaTuMo), es un placer tener la oportunidad de dirigirme a nuestros asociados en ocasi\u00f3n de esta tercera Asamblea general ordinaria.<\/p>\n<p>Deseo de todo coraz\u00f3n, que el esfuerzo que se hace desde esta Directiva, que me honro presidir, sirva para beneficio de todos. De la\u00a0 puesta en marcha de los nuevos proyectos e iniciativas\u00a0 depende que entremos en la\u00a0 competitividad tur\u00edstica de nuestras comunidad en lo que significa un futuro, ya presente, que provocar\u00e1 que no nos quedemos estancados en un pasado inmovilista.<\/p>\n<p>En la \u00faltima asamblea trazamos el camino a recorrer en v\u00edspera de las m\u00e1s grave crisis econ\u00f3mica de las \u00faltimas d\u00e9cadas y considero que aunque algunas metas se han alcanzados, todav\u00eda falta mucho trabajo por hacer, ya que Montezuma como lo hemos conocido hasta hoy probablemente cambiar\u00e1 su fisonom\u00eda, y nosotros tenemos la obligaci\u00f3n de ser parte del cambio y no espectadores pasivos como la gran mayor\u00eda de esta comunidad lamentablemente ha venido siendo.<\/p>\n<p>Voy a esbozar las metas propuestas para el pr\u00f3ximo periodo:<\/p>\n<p>1) <strong>Necesitamos mayor visibilidad no solo como localidad tur\u00edstica sino tambi\u00e9n como Pen\u00ednsula <\/strong>ya\u00a0 que es evidente el rezago con respecto a Guanacaste: carecemos de carreteras en buenas condiciones, enfrentamos problemas graves de abastecimiento de agua y la inseguridad ha venido aumentando en forma exponencial.<\/p>\n<p>2) Estamos trabajando para cambiar la forma de desaprovechar los desechos y apoyar al Concejo Municipal en la <strong>creaci\u00f3n de un centro de acopio para el manejo discriminado de los desechos s\u00f3lidos<\/strong>; hay 26.000.000 de colones destinados para este fin y la c\u00e1mara se ha unido al grupo de trabajo liderado por el se\u00f1or Ronald Arrieta de la UCR. Esto viene a reforzar el esfuerzo que, gracias a los aportes de los afiliados, hemos venido haciendo a trav\u00e9s de la labor de Jake, el cual ha vuelto a ser un importante colaborador en este sentido. Cabe destacar que el Concejo va a aplicar multas a las casas y negocios comerciales que no separen la basura. Este proceso es consecuente con la gesti\u00f3n hecha por la C\u00e1mara para que Montezuma cuente con un servicio municipal\u00a0 de recolecci\u00f3n igual que Cobano, (acuerdo un\u00e1nime CMDCS 552-2008 del 26 de noviembre del 2008) el cual se encuentra en la etapa de fijaci\u00f3n de tarifa por parte de la\u00a0 Contralor\u00eda.\u00a0<strong>Propongo una moci\u00f3n<\/strong> para que alg\u00fan asociado patrocine los basureros de Montezuma.<\/p>\n<p>3) Hablando de carreteras en mal estado, hemos tenido la suerte de reunirnos con el viceministro de transporte Pedro Castro Fernandez y altos personeros del MOPT, intercambiando oficios con el responsable de la zona de Nicoya, sin embargo es un tema excesivamente politizado y los resultados obtenidos por el distrito no son halagadores, aunque si logramos, gracias al apoyo del Intendente Municipal, que la empresa ROMASO en la persona del Ing. Oscar Suarez se viera obligada a invertir mas de 43.000.000 de colones en el lastrado y reparaci\u00f3n de las rutas 624 y 160; ahora nuestra prioridad es tratar directamente con la\u00a0 ministra de transporte Karla Gonz\u00e1lez, la cual es esperada a corto plazo en nuestra comunidad. Al respecto seria sumamente importante <strong>conformar un comit\u00e9 de caminos <\/strong>antes de la visita, para tratar de forma acertada el espinoso tema y gestionar desde ya una audiencia con la ministra. Cabe resaltar que, a pesar de la promesa hecha por el viceministro de transporte en Montezuma en noviembre del a\u00f1o pasado de cementar la cuesta, a pesar de m\u00faltiples gestiones este objetivo no se ha logrado aun, as\u00ed que decidimos ser todav\u00eda mas ambiciosos y, en una reciente reuni\u00f3n, exigimos el asfaltado de la ruta Cobano-Montezuma. Y hablando de la cuesta, ya que el Conavi no se ha hecho presente para darle mantenimiento, durante el mes de marzo de este a\u00f1o, convenimos con la empresa TIGSA de Thoren Ingals en contribuir con el 50% de los gastos para arreglarla antes de semana santa. El monto esta detallado en el informe de tesorer\u00eda.<\/p>\n<p>4) Hablando de comit\u00e9, no podemos\u00a0 obviar una realidad dolorosa: los subcomit\u00e9s que se han conformados en la ultima asamblea no han podido despegar como esperado; yo personalmente creo que todav\u00eda una cantidad relevante de vecinos no ha\u00a0podido desprenderse de una forma obsoleta de\u00a0pensar a pesar de\u00a0 vivir en una peque\u00f1a comunidad, esperando que otros lleven adelantes proyectos, o peor aun no queriendo poner a disposici\u00f3n\u00a0del pueblo una peque\u00f1a porci\u00f3n de su tiempo. Montezuma probablemente va a cambiar profundamente a corto y mediano plazo, y despu\u00e9s de dos a\u00f1os todav\u00eda hay personas que no quieren ser parte del cambio. Los insto a revisar sus agendas para buscar la forma de involucrarse en este aspecto.<\/p>\n<p>5) En el primer punto de este informe estuve mencionando la necesidad de tener mayor visibilidad como asociaci\u00f3n; parte de esta necesidad se ha colmado con la pagina Web de la C\u00e1mara: al digitar\u00a0 <strong>montezumainfo.net<\/strong>, los usuarios, visitantes, instituciones, etc., tienen la oportunidad de saber quienes somos, cuales son nuestras metas, en cuales proyectos estamos trabajando y a la vez comunicarse con nosotros. Aprovecho la ocasi\u00f3n para agradecer la colaboraci\u00f3n del socio honorario se\u00f1or Alberto \u201cTito\u201d Zevallos como webmaster y responsable del mantenimiento de la p\u00e1gina.<\/p>\n<p>6) Probablemente algunos del los presentes han sido victima del hampa en los \u00faltimos a\u00f1os. Quienes han nacido en este lugar, o quienes tenemos muchos a\u00f1os de residir en este pueblo, sabemos que la perdida de valores morales y la codicia han determinado un progresivo deterioro de la seguridad ciudadana. Y es por eso que una de las batallas mas dif\u00edciles que hemos emprendidos ha sido la de volver a tener presencia policial en Montezuma, lo cual ha tenido para nosotros un sabor agridulce: por un lado hemos revertido una posici\u00f3n negativa por parte del Concejo Municipal a tomar un acuerdo que nos permitiera remodelar la caseta policial acudiendo a la Contralor\u00eda General de la Republica, la cual nos dio la raz\u00f3n, por el otro varias reuniones con Jefes del Ministerio de Gobernaci\u00f3n, sea polic\u00eda de proximidad o Tur\u00edstica en los \u00faltimos 12 meses no ha producido el efecto esperado que es de contar con dos polic\u00edas fijos en Montezuma como en el pasado. La carencia de efectivos nos impide estrenar la caseta policial remodelada gracias a los aportes de los afiliados y del se\u00f1or Thoren Ingalls y es por eso que vamos a solicitar una audiencia con la ministra de gobernaci\u00f3n.<\/p>\n<p>7) Hablando de cambios, es sabido que el ICT junto con la empresa Ecoplan han venido elaborando el Plan regulador Integral Cabuya Montezuma; dicho plan\u00a0se encuentra terminado en su primera etapa y se puede tener acceso a ello visitando la pagina oficial del ICT el cual lo aprob\u00f3 hace poco y la primera informaci\u00f3n se encuentra en el concejo municipal tambi\u00e9n para que cualquier persona interesada pueda inclusive copiarlo en una llave maya;\u00a0ahora lo que sigue es la aprobaci\u00f3n por parte del INVU, donde se encuentra actualmente. Es un plan que obviamente necesita de ajustes y correcciones, sin embargo es un gran avance para que los arrendatarios puedan, una vez aprobado definitivamente e implementado por la Municipalidad, solicitar la concesi\u00f3n en la zona restringida y as\u00ed ponerse a derecho y no seguir en esta situaci\u00f3n de incertidumbre jur\u00eddica. Esta c\u00e1mara se ha dado la tarea de estar presente en el proceso desde el comienzo, participando a reuniones con la Municipalidad y un taller en San Jos\u00e9 en la oficina de planeamiento del ICT. No es casual que en una reuni\u00f3n celebrada hace un par de semanas en Santa Teresa en la cual participaron el ministro de Turismo y alto personeros del ICT, la c\u00e1mara de Montezuma haya sido la \u00fanica en tratar acertadamente el tema, solicitando una reuni\u00f3n en Montezuma, a la cual confirmaron participaci\u00f3n la asesora del ministro de Turismo y el director regional del ICT de Puntarenas. Dicha reuni\u00f3n tendr\u00e1\u00a0 lugar en la primera semana de junio y cabe resaltar que no es una audiencia p\u00fablica, sino la continuaci\u00f3n del proceso iniciado hace casi un a\u00f1o.<\/p>\n<p>A este prop\u00f3sito quisiera externar la posici\u00f3n oficial de esta asociaci\u00f3n con respecto a las posibles demoliciones en la zona p\u00fablica.<\/p>\n<p>Como\u00a0resaltado en una carta enviada a la Contralor\u00eda el pasado 20 de noviembre en la\u00a0cual nos mostramos preocupados por el futuro de Montezuma a causa de las posibles demoliciones, los que conformamos la junta directiva, creemos en la importancia trascendental de las leyes, puesto que las mismas son creadas con el objetivo de que una sociedad viva y se desarrolle en orden, paz y armon\u00eda. Sin embargo creemos tambi\u00e9n que la l\u00f3gica y el sentido com\u00fan tengan que prevalecer en esta peculiar circunstancia, y es por eso es que entre varias peticiones que les hemos hecho llegar al gobierno a trav\u00e9s del ministro de Turismo, se encuentra la de aplazar y posiblemente suspender las demoliciones hasta tanto no est\u00e9 implementado el Plan Regulador para poder levantar pronto las obras comunales que necesitamos as\u00ed como\u00a0 negocios comerciales tan importantes para atender convenientemente el turismo que llega a visitar nuestra comunidad. Estamos a la espera de una respuesta por parte del departamento legal del ICT.<\/p>\n<p>8)\u00a0Quisiera agregar que la asociaci\u00f3n se encuentra totalmente legalizada\u00a0con los libros al d\u00eda, inscrita en tributaci\u00f3n, con un contador que lleva la contabilidad. Los libros de junta directiva con todas las sesiones transcritas est\u00e1n disponibles para\u00a0 quien desee conocer los temas y acuerdos tomados en la reuniones semanales de la junta directiva.<\/p>\n<p>Por \u00faltimo, pero no menos importante, creemos que una de las gestiones mas exitosas de esta junta ha sido la de solicitar y obtener, con el apoyo del se\u00f1or intendente municipal y de los se\u00f1ores regidores, la construcci\u00f3n de alcantarillado sobre la quebrada que pasa a lado de la plaza de deportes y\u00a0 la Do\u00f1a Blanca, conocida como la \u201cpoza de Guarito\u201d, donde se colocaron tubos de acero de 1.50 mts. de di\u00e1metro por 6 metros de largo con cabezales de concreto, que permitir\u00e1n un adecuado transito para los habitantes y turistas de Montezuma en la \u00e9poca de lluvia y que tuvieron un costo de $9.000 totalmente a cargo del Concejo Municipal de Distrito. Esta gesti\u00f3n se inici\u00f3 hace un a\u00f1o y se logr\u00f3 incluir el gasto en el Presupuesto\u00a0 Ordinario del 2009.<\/p>\n<div class='clear'><\/div><hr><\/div><div class='pfpItem entry-content'><h2 class='entry-title'><a href='http:\/\/montezumainfo.net\/es\/trabajos-a-realizar-en-la-comunidad\/'>Trabajos a realizar en la comunidad.<\/a><\/h2><div class='entry-meta'>Posted on abril 24, 2009 by catumo<\/div><p id=\"top\" \/>El pasado 22 de abril del 2009, CaTuMo recibi\u00f3 el siguiente comunicado de parte del Intendente Municipal de C\u00f3bano, don Jos\u00e9 Eladio Cort\u00e9s Castrillo:<\/p>\n<blockquote><p><strong>Asunto: Trabajos a realizar en la comunidad.<\/strong> Al saludarles muy atentamente, me permito informarles que a partir del d\u00eda 22 de abril del presente a\u00f1o se iniciar\u00e1 con la construcci\u00f3n de alcantarillado sobre dos quebradas muy importantes para la comunidad, esta construcci\u00f3n consiste en la colocaci\u00f3n de dos tubos de acero de 1.50 metros de di\u00e1metros por 6 metros de largo con cabezales de concreto, que permitir\u00e1 un adecuado tr\u00e1nsito para los habitantes y turistas de Montezuma en la \u00e9poca de lluvias. El primer paso se construir\u00e1 en la quebrada que pasa al lado de la plaza de Deportes de Montezuma El segundo paso se colocara en la \u201cQuebrada de do\u00f1a Blanca\u201d (Poza de Guarito). El Concejo Municipal de C\u00f3bano trabajando para el desarrollo de esta comunidad invertir\u00e1 en estas Obras un monto aproximado de nueve mil d\u00f3lares ($9.000). Adem\u00e1s se invertir\u00e1 casi 10 millones de colones ($18.000) en la reparaci\u00f3n del camino que comunica Montezuma y la Comunidad de Cabuya, estas Obras iniciar\u00e1n a partir del 28 de Abril 2009. En resumen la inversi\u00f3n total es aproximadamente de \u00a215.000.000,00, recursos que forman parte del Presupuesto Ordinario del 2009 basado en el plan operativo y los proyectos aprobados por el Concejo Municipal para este a\u00f1o.<\/p>\n<p style=\"text-align: right;\">\u2014  Jos\u00e9 Eladio Cort\u00e9s Castrillo<\/p>\n<\/blockquote>\n<div class='clear'><\/div><hr><\/div><div class='pfpItem entry-content'><h2 class='entry-title'><a href='http:\/\/montezumainfo.net\/es\/ict-publica-%e2%80%9cmanual-para-elaboracion-de-planes-reguladores-costeros%e2%80%9d\/'>ICT publica en <em>La Gaceta<\/em> \u201cManual para Elaboraci\u00f3n de Planes Reguladores Costeros\u201d<\/a><\/h2><div class='entry-meta'>Posted on abril 3, 2009 by catumo<\/div><p id=\"top\" \/><a href=\"http:\/\/montezumainfo.net\/wp-content\/uploads\/2009\/04\/lagaceta_ict_planreg_100209.pdf\" target=\"blank\"><img loading=\"lazy\" decoding=\"async\" class=\"alignright size-full wp-image-651\" style=\"position: relative; bottom: 30px; border: 1px solid black;\" title=\"lagaceta_ict_100209\" src=\"http:\/\/montezumainfo.net\/wp-content\/uploads\/2009\/04\/lagaceta_ict_100209.jpg\" alt=\"lagaceta_ict_100209\" width=\"151\" height=\"164\" \/><\/a>En <em>La Gaceta<\/em> No. 28, publicada el 10 de febrero del 2009, el Instituto Costarricense de Turismo (ICT) public\u00f3 el \u201cManual para Elaboraci\u00f3n de Planes Reguladores Costeros\u201d. Haga clic en la imagen de la portada a la derecha para descargar esta publicaci\u00f3n en formato de PDF. Este documento corresponde al Manual para Elaboraci\u00f3n de Planes Reguladores Costeros, el cual fu\u00e9 entregado a la C\u00e1mara de Turismo de Montezuma el 25 de febrero en una reuni\u00f3n efectuada en el Instituto Costarricense de Turismo.<\/p>\n<div class='clear'><\/div><hr><\/div><div class='pfpItem entry-content'><h2 class='entry-title'><a href='http:\/\/montezumainfo.net\/es\/efectos-del-terremoto-del-6-de-enero\/'>Efectos del Terremoto del 8 de enero<\/a><\/h2><div class='entry-meta'>Posted on enero 16, 2009 by catumo<\/div><p id=\"top\" \/><img loading=\"lazy\" decoding=\"async\" class=\"alignright size-full wp-image-464\" title=\"bahia_montezuma\" src=\"http:\/\/s122426555.onlinehome.us\/catumo\/wp-content\/uploads\/2009\/01\/bahia_montezuma.jpg\" alt=\"bahia_montezuma\" width=\"324\" height=\"190\" srcset=\"http:\/\/montezumainfo.net\/wp-content\/uploads\/2009\/01\/bahia_montezuma.jpg 400w, http:\/\/montezumainfo.net\/wp-content\/uploads\/2009\/01\/bahia_montezuma-300x175.jpg 300w\" sizes=\"auto, (max-width: 324px) 100vw, 324px\" \/>Queremos informarle a todos la comunidad internacional  que el pueblo de Montezuma no se ha visto afectado por el terremoto del pasado jueves, 8 de enero del 2009, en Alajuela. Instamos a todos los turistas  a seguir visitando nuestras playas y a disfrutar de las diferentes actividades que se ofrecen en el area.<\/p>\n<p>Tambien instamos a todos a apoyar los esfuerzos de rescate y auxilio para las personas damnificadas por esta tragedia. Para mas informaci\u00f3n visite la p\u00e1gina de la <a href=\"http:\/\/www.cne.go.cr\/web_emer\/donaciones.html\" target=\"_blank\">Comisi\u00f3n Nacional de Emergencias (CNE)<\/a> de Costa Rica.<\/p>\n<div class='clear'><\/div><hr><\/div><\/p>\n","protected":false},"excerpt":{"rendered":"","protected":false},"author":30,"featured_media":0,"parent":0,"menu_order":6,"comment_status":"closed","ping_status":"closed","template":"","meta":{"footnotes":""},"class_list":["post-95","page","type-page","status-publish","hentry"],"aioseo_notices":[],"_links":{"self":[{"href":"http:\/\/montezumainfo.net\/es\/wp-json\/wp\/v2\/pages\/95","targetHints":{"allow":["GET"]}}],"collection":[{"href":"http:\/\/montezumainfo.net\/es\/wp-json\/wp\/v2\/pages"}],"about":[{"href":"http:\/\/montezumainfo.net\/es\/wp-json\/wp\/v2\/types\/page"}],"author":[{"embeddable":true,"href":"http:\/\/montezumainfo.net\/es\/wp-json\/wp\/v2\/users\/30"}],"replies":[{"embeddable":true,"href":"http:\/\/montezumainfo.net\/es\/wp-json\/wp\/v2\/comments?post=95"}],"version-history":[{"count":20,"href":"http:\/\/montezumainfo.net\/es\/wp-json\/wp\/v2\/pages\/95\/revisions"}],"predecessor-version":[{"id":1679,"href":"http:\/\/montezumainfo.net\/es\/wp-json\/wp\/v2\/pages\/95\/revisions\/1679"}],"wp:attachment":[{"href":"http:\/\/montezumainfo.net\/es\/wp-json\/wp\/v2\/media?parent=95"}],"curies":[{"name":"wp","href":"https:\/\/api.w.org\/{rel}","templated":true}]}}